{"id":69,"date":"2023-01-25T12:32:29","date_gmt":"2023-01-25T12:32:29","guid":{"rendered":"http:\/\/casafabregas.cat\/?page_id=69"},"modified":"2023-05-31T12:01:00","modified_gmt":"2023-05-31T12:01:00","slug":"events","status":"publish","type":"page","link":"https:\/\/casafabregas.cat\/en\/events\/","title":{"rendered":"Events"},"content":{"rendered":"\t\t<div data-elementor-type=\"wp-page\" data-elementor-id=\"69\" class=\"elementor elementor-69\" data-elementor-post-type=\"page\">\n\t\t\t\t\t\t<section class=\"elementor-section elementor-top-section elementor-element elementor-element-fa860d6 elementor-section-full_width elementor-section-height-min-height elementor-section-height-default elementor-section-items-middle\" data-id=\"fa860d6\" data-element_type=\"section\" data-e-type=\"section\" data-settings=\"{&quot;background_background&quot;:&quot;slideshow&quot;,&quot;background_slideshow_gallery&quot;:[{&quot;id&quot;:1070,&quot;url&quot;:&quot;http:\\\/\\\/casafabregas.cat\\\/wp-content\\\/uploads\\\/2023\\\/03\\\/F0610_20230210_066-1-scaled.jpg&quot;},{&quot;id&quot;:1071,&quot;url&quot;:&quot;http:\\\/\\\/casafabregas.cat\\\/wp-content\\\/uploads\\\/2023\\\/03\\\/F0610_20230210_070-Edit-1-scaled.jpg&quot;},{&quot;id&quot;:1069,&quot;url&quot;:&quot;http:\\\/\\\/casafabregas.cat\\\/wp-content\\\/uploads\\\/2023\\\/03\\\/F0610_20230210_064-scaled.jpg&quot;}],&quot;background_slideshow_transition_duration&quot;:700,&quot;background_slideshow_ken_burns&quot;:&quot;yes&quot;,&quot;background_slideshow_loop&quot;:&quot;yes&quot;,&quot;background_slideshow_slide_duration&quot;:5000,&quot;background_slideshow_slide_transition&quot;:&quot;fade&quot;,&quot;background_slideshow_ken_burns_zoom_direction&quot;:&quot;in&quot;}\">\n\t\t\t\t\t\t\t<div class=\"elementor-background-overlay\"><\/div>\n\t\t\t\t\t\t\t<div class=\"elementor-container elementor-column-gap-no\">\n\t\t\t\t\t<div class=\"elementor-column elementor-col-100 elementor-top-column elementor-element elementor-element-4949362\" data-id=\"4949362\" data-element_type=\"column\" data-e-type=\"column\">\n\t\t\t<div class=\"elementor-widget-wrap elementor-element-populated\">\n\t\t\t\t\t\t<section class=\"elementor-section elementor-inner-section elementor-element elementor-element-9f399c5 elementor-section-full_width elementor-section-height-default elementor-section-height-default\" data-id=\"9f399c5\" data-element_type=\"section\" data-e-type=\"section\">\n\t\t\t\t\t\t<div class=\"elementor-container elementor-column-gap-default\">\n\t\t\t\t\t<div class=\"elementor-column elementor-col-100 elementor-inner-column elementor-element elementor-element-418e1b2\" data-id=\"418e1b2\" data-element_type=\"column\" data-e-type=\"column\">\n\t\t\t<div class=\"elementor-widget-wrap elementor-element-populated\">\n\t\t\t\t\t\t<div class=\"elementor-element elementor-element-38e235a elementor-absolute elementor-widget elementor-widget-heading\" data-id=\"38e235a\" data-element_type=\"widget\" data-e-type=\"widget\" data-settings=\"{&quot;_position&quot;:&quot;absolute&quot;}\" data-widget_type=\"heading.default\">\n\t\t\t\t<div class=\"elementor-widget-container\">\n\t\t\t\t\t<h2 class=\"elementor-heading-title elementor-size-default\">VINE A GAUDIR A CASA F\u00c0BREGAS<\/h2>\t\t\t\t<\/div>\n\t\t\t\t<\/div>\n\t\t\t\t<div class=\"elementor-element elementor-element-412dea4 elementor-widget elementor-widget-spacer\" data-id=\"412dea4\" data-element_type=\"widget\" data-e-type=\"widget\" data-widget_type=\"spacer.default\">\n\t\t\t\t<div class=\"elementor-widget-container\">\n\t\t\t\t\t\t\t<div class=\"elementor-spacer\">\n\t\t\t<div class=\"elementor-spacer-inner\"><\/div>\n\t\t<\/div>\n\t\t\t\t\t\t<\/div>\n\t\t\t\t<\/div>\n\t\t\t\t<div class=\"elementor-element elementor-element-45352f7 elementor-widget elementor-widget-heading\" data-id=\"45352f7\" data-element_type=\"widget\" data-e-type=\"widget\" data-widget_type=\"heading.default\">\n\t\t\t\t<div class=\"elementor-widget-container\">\n\t\t\t\t\t<h1 class=\"elementor-heading-title elementor-size-default\">Esdeveniments<\/h1>\t\t\t\t<\/div>\n\t\t\t\t<\/div>\n\t\t\t\t\t<\/div>\n\t\t<\/div>\n\t\t\t\t\t<\/div>\n\t\t<\/section>\n\t\t\t\t\t<\/div>\n\t\t<\/div>\n\t\t\t\t\t<\/div>\n\t\t<\/section>\n\t\t\t\t<section class=\"elementor-section elementor-top-section elementor-element elementor-element-d0d53e8 elementor-section-boxed elementor-section-height-default elementor-section-height-default\" data-id=\"d0d53e8\" data-element_type=\"section\" data-e-type=\"section\">\n\t\t\t\t\t\t<div class=\"elementor-container elementor-column-gap-default\">\n\t\t\t\t\t<div class=\"elementor-column elementor-col-100 elementor-top-column elementor-element elementor-element-2a90073\" data-id=\"2a90073\" data-element_type=\"column\" data-e-type=\"column\">\n\t\t\t<div class=\"elementor-widget-wrap elementor-element-populated\">\n\t\t\t\t\t\t<div class=\"elementor-element elementor-element-99e0548 elementor-widget elementor-widget-heading\" data-id=\"99e0548\" data-element_type=\"widget\" data-e-type=\"widget\" data-widget_type=\"heading.default\">\n\t\t\t\t<div class=\"elementor-widget-container\">\n\t\t\t\t\t<h2 class=\"elementor-heading-title elementor-size-default\"><a href=\"http:\/\/casafabregas.cat\/\"><span>Inici<\/span><\/a><span>&nbsp;\/ Esdeveniments<\/span><\/h2>\t\t\t\t<\/div>\n\t\t\t\t<\/div>\n\t\t\t\t\t<\/div>\n\t\t<\/div>\n\t\t\t\t\t<\/div>\n\t\t<\/section>\n\t\t\t\t<section class=\"elementor-section elementor-top-section elementor-element elementor-element-fdcac42 elementor-section-full_width elementor-section-content-middle elementor-section-height-default elementor-section-height-default\" data-id=\"fdcac42\" data-element_type=\"section\" data-e-type=\"section\" data-settings=\"{&quot;background_background&quot;:&quot;classic&quot;}\">\n\t\t\t\t\t\t\t<div class=\"elementor-background-overlay\"><\/div>\n\t\t\t\t\t\t\t<div class=\"elementor-container elementor-column-gap-no\">\n\t\t\t\t\t<div class=\"elementor-column elementor-col-100 elementor-top-column elementor-element elementor-element-f95795e\" data-id=\"f95795e\" data-element_type=\"column\" data-e-type=\"column\">\n\t\t\t<div class=\"elementor-widget-wrap elementor-element-populated\">\n\t\t\t\t\t\t<section class=\"elementor-section elementor-inner-section elementor-element elementor-element-ac3fbb5 elementor-section-full_width elementor-section-height-default elementor-section-height-default\" data-id=\"ac3fbb5\" data-element_type=\"section\" data-e-type=\"section\">\n\t\t\t\t\t\t<div class=\"elementor-container elementor-column-gap-no\">\n\t\t\t\t\t<div class=\"elementor-column elementor-col-100 elementor-inner-column elementor-element elementor-element-25b1ece\" data-id=\"25b1ece\" data-element_type=\"column\" data-e-type=\"column\" data-settings=\"{&quot;background_background&quot;:&quot;classic&quot;}\">\n\t\t\t<div class=\"elementor-widget-wrap elementor-element-populated\">\n\t\t\t\t\t\t<div class=\"elementor-element elementor-element-3f84b16 elementor-widget-divider--view-line_text elementor-widget-divider--element-align-right elementor-widget elementor-widget-divider\" data-id=\"3f84b16\" data-element_type=\"widget\" data-e-type=\"widget\" data-widget_type=\"divider.default\">\n\t\t\t\t<div class=\"elementor-widget-container\">\n\t\t\t\t\t\t\t<div class=\"elementor-divider\">\n\t\t\t<span class=\"elementor-divider-separator\">\n\t\t\t\t\t\t\t<span class=\"elementor-divider__text elementor-divider__element\">\n\t\t\t\t4 ESPAIS\t\t\t\t<\/span>\n\t\t\t\t\t\t<\/span>\n\t\t<\/div>\n\t\t\t\t\t\t<\/div>\n\t\t\t\t<\/div>\n\t\t\t\t<div class=\"elementor-element elementor-element-95450c3 elementor-widget elementor-widget-heading\" data-id=\"95450c3\" data-element_type=\"widget\" data-e-type=\"widget\" data-widget_type=\"heading.default\">\n\t\t\t\t<div class=\"elementor-widget-container\">\n\t\t\t\t\t<h2 class=\"elementor-heading-title elementor-size-default\">Esdeveniments<\/h2>\t\t\t\t<\/div>\n\t\t\t\t<\/div>\n\t\t\t\t<div class=\"elementor-element elementor-element-048aca1 elementor-widget elementor-widget-text-editor\" data-id=\"048aca1\" data-element_type=\"widget\" data-e-type=\"widget\" data-widget_type=\"text-editor.default\">\n\t\t\t\t<div class=\"elementor-widget-container\">\n\t\t\t\t\t\t\t\t\t<p>Disposem de 4 espais per a esdeveniments per a empreses, celebracions o retirs.<\/p>\t\t\t\t\t\t\t\t<\/div>\n\t\t\t\t<\/div>\n\t\t\t\t\t<\/div>\n\t\t<\/div>\n\t\t\t\t\t<\/div>\n\t\t<\/section>\n\t\t\t\t<div class=\"elementor-element elementor-element-f32115e elementor-widget elementor-widget-spacer\" data-id=\"f32115e\" data-element_type=\"widget\" data-e-type=\"widget\" data-widget_type=\"spacer.default\">\n\t\t\t\t<div class=\"elementor-widget-container\">\n\t\t\t\t\t\t\t<div class=\"elementor-spacer\">\n\t\t\t<div class=\"elementor-spacer-inner\"><\/div>\n\t\t<\/div>\n\t\t\t\t\t\t<\/div>\n\t\t\t\t<\/div>\n\t\t\t\t<section class=\"elementor-section elementor-inner-section elementor-element elementor-element-bbe7203 elementor-section-full_width elementor-reverse-tablet elementor-reverse-mobile elementor-section-height-default elementor-section-height-default\" data-id=\"bbe7203\" data-element_type=\"section\" data-e-type=\"section\">\n\t\t\t\t\t\t<div class=\"elementor-container elementor-column-gap-no\">\n\t\t\t\t\t<div class=\"elementor-column elementor-col-50 elementor-inner-column elementor-element elementor-element-d650f61\" data-id=\"d650f61\" data-element_type=\"column\" data-e-type=\"column\" data-settings=\"{&quot;background_background&quot;:&quot;classic&quot;}\">\n\t\t\t<div class=\"elementor-widget-wrap elementor-element-populated\">\n\t\t\t\t\t\t<div class=\"elementor-element elementor-element-e35aad1 elementor-widget elementor-widget-icon-box\" data-id=\"e35aad1\" data-element_type=\"widget\" data-e-type=\"widget\" data-widget_type=\"icon-box.default\">\n\t\t\t\t<div class=\"elementor-widget-container\">\n\t\t\t\t\t\t\t<div class=\"elementor-icon-box-wrapper\">\n\n\t\t\t\n\t\t\t\t\t\t<div class=\"elementor-icon-box-content\">\n\n\t\t\t\t\t\t\t\t\t<h3 class=\"elementor-icon-box-title\">\n\t\t\t\t\t\t<span  >\n\t\t\t\t\t\t\tEspai Osona\t\t\t\t\t\t<\/span>\n\t\t\t\t\t<\/h3>\n\t\t\t\t\n\t\t\t\t\n\t\t\t<\/div>\n\t\t\t\n\t\t<\/div>\n\t\t\t\t\t\t<\/div>\n\t\t\t\t<\/div>\n\t\t\t\t<div class=\"elementor-element elementor-element-b048fc6 elementor-widget elementor-widget-heading\" data-id=\"b048fc6\" data-element_type=\"widget\" data-e-type=\"widget\" data-widget_type=\"heading.default\">\n\t\t\t\t<div class=\"elementor-widget-container\">\n\t\t\t\t\t<h2 class=\"elementor-heading-title elementor-size-default\">Primera planta<\/h2>\t\t\t\t<\/div>\n\t\t\t\t<\/div>\n\t\t\t\t<div class=\"elementor-element elementor-element-9e70415 elementor-widget elementor-widget-text-editor\" data-id=\"9e70415\" data-element_type=\"widget\" data-e-type=\"widget\" data-widget_type=\"text-editor.default\">\n\t\t\t\t<div class=\"elementor-widget-container\">\n\t\t\t\t\t\t\t\t\t<p>Sala situada a l&#8217;interior de la casa en la primera planta, id\u00f2nia per la realitzaci\u00f3 de diferents tipus d&#8217;activitats, com reunions d&#8217;empresa, cursos, presentacions, workshops i diversos tallers.<\/p>\t\t\t\t\t\t\t\t<\/div>\n\t\t\t\t<\/div>\n\t\t\t\t<div class=\"elementor-element elementor-element-b63c699 elementor-align-left elementor-mobile-align-center elementor-tablet-align-center elementor-widget elementor-widget-button\" data-id=\"b63c699\" data-element_type=\"widget\" data-e-type=\"widget\" data-widget_type=\"button.default\">\n\t\t\t\t<div class=\"elementor-widget-container\">\n\t\t\t\t\t\t\t\t\t<div class=\"elementor-button-wrapper\">\n\t\t\t\t\t<a class=\"elementor-button elementor-button-link elementor-size-sm\" href=\"http:\/\/casafabregas.cat\/Espai-Osona\/\">\n\t\t\t\t\t\t<span class=\"elementor-button-content-wrapper\">\n\t\t\t\t\t\t\t\t\t<span class=\"elementor-button-text\">Veure m\u00e9s<\/span>\n\t\t\t\t\t<\/span>\n\t\t\t\t\t<\/a>\n\t\t\t\t<\/div>\n\t\t\t\t\t\t\t\t<\/div>\n\t\t\t\t<\/div>\n\t\t\t\t\t<\/div>\n\t\t<\/div>\n\t\t\t\t<div class=\"elementor-column elementor-col-50 elementor-inner-column elementor-element elementor-element-7a70f8a\" data-id=\"7a70f8a\" data-element_type=\"column\" data-e-type=\"column\" data-settings=\"{&quot;background_background&quot;:&quot;classic&quot;}\">\n\t\t\t<div class=\"elementor-widget-wrap elementor-element-populated\">\n\t\t\t\t\t\t<div class=\"elementor-element elementor-element-1559d5b elementor-hidden-desktop elementor-widget elementor-widget-image\" data-id=\"1559d5b\" data-element_type=\"widget\" data-e-type=\"widget\" data-widget_type=\"image.default\">\n\t\t\t\t<div class=\"elementor-widget-container\">\n\t\t\t\t\t\t\t\t\t\t\t\t\t\t\t<img fetchpriority=\"high\" decoding=\"async\" width=\"2560\" height=\"1807\" src=\"https:\/\/casafabregas.cat\/wp-content\/uploads\/2023\/03\/F0610_20230210_047-scaled.jpg\" class=\"attachment-full size-full wp-image-1063\" alt=\"\" srcset=\"https:\/\/casafabregas.cat\/wp-content\/uploads\/2023\/03\/F0610_20230210_047-scaled.jpg 2560w, https:\/\/casafabregas.cat\/wp-content\/uploads\/2023\/03\/F0610_20230210_047-300x212.jpg 300w, https:\/\/casafabregas.cat\/wp-content\/uploads\/2023\/03\/F0610_20230210_047-1024x723.jpg 1024w, https:\/\/casafabregas.cat\/wp-content\/uploads\/2023\/03\/F0610_20230210_047-768x542.jpg 768w, https:\/\/casafabregas.cat\/wp-content\/uploads\/2023\/03\/F0610_20230210_047-1536x1084.jpg 1536w, https:\/\/casafabregas.cat\/wp-content\/uploads\/2023\/03\/F0610_20230210_047-2048x1445.jpg 2048w\" sizes=\"(max-width: 2560px) 100vw, 2560px\" \/>\t\t\t\t\t\t\t\t\t\t\t\t\t\t\t<\/div>\n\t\t\t\t<\/div>\n\t\t\t\t\t<\/div>\n\t\t<\/div>\n\t\t\t\t\t<\/div>\n\t\t<\/section>\n\t\t\t\t<div class=\"elementor-element elementor-element-b9d0b4d elementor-widget elementor-widget-spacer\" data-id=\"b9d0b4d\" data-element_type=\"widget\" data-e-type=\"widget\" data-widget_type=\"spacer.default\">\n\t\t\t\t<div class=\"elementor-widget-container\">\n\t\t\t\t\t\t\t<div class=\"elementor-spacer\">\n\t\t\t<div class=\"elementor-spacer-inner\"><\/div>\n\t\t<\/div>\n\t\t\t\t\t\t<\/div>\n\t\t\t\t<\/div>\n\t\t\t\t<section class=\"elementor-section elementor-inner-section elementor-element elementor-element-ed04e70 elementor-section-full_width elementor-section-height-default elementor-section-height-default\" data-id=\"ed04e70\" data-element_type=\"section\" data-e-type=\"section\">\n\t\t\t\t\t\t<div class=\"elementor-container elementor-column-gap-no\">\n\t\t\t\t\t<div class=\"elementor-column elementor-col-50 elementor-inner-column elementor-element elementor-element-368ce59\" data-id=\"368ce59\" data-element_type=\"column\" data-e-type=\"column\" data-settings=\"{&quot;background_background&quot;:&quot;classic&quot;}\">\n\t\t\t<div class=\"elementor-widget-wrap elementor-element-populated\">\n\t\t\t\t\t\t<div class=\"elementor-element elementor-element-7910314 elementor-hidden-desktop elementor-widget elementor-widget-image\" data-id=\"7910314\" data-element_type=\"widget\" data-e-type=\"widget\" data-widget_type=\"image.default\">\n\t\t\t\t<div class=\"elementor-widget-container\">\n\t\t\t\t\t\t\t\t\t\t\t\t\t\t\t<img decoding=\"async\" width=\"2560\" height=\"1707\" src=\"https:\/\/casafabregas.cat\/wp-content\/uploads\/2023\/03\/F0610_20230210_064-scaled.jpg\" class=\"attachment-full size-full wp-image-1069\" alt=\"\" srcset=\"https:\/\/casafabregas.cat\/wp-content\/uploads\/2023\/03\/F0610_20230210_064-scaled.jpg 2560w, https:\/\/casafabregas.cat\/wp-content\/uploads\/2023\/03\/F0610_20230210_064-300x200.jpg 300w, https:\/\/casafabregas.cat\/wp-content\/uploads\/2023\/03\/F0610_20230210_064-1024x683.jpg 1024w, https:\/\/casafabregas.cat\/wp-content\/uploads\/2023\/03\/F0610_20230210_064-768x512.jpg 768w, https:\/\/casafabregas.cat\/wp-content\/uploads\/2023\/03\/F0610_20230210_064-1536x1024.jpg 1536w, https:\/\/casafabregas.cat\/wp-content\/uploads\/2023\/03\/F0610_20230210_064-2048x1365.jpg 2048w\" sizes=\"(max-width: 2560px) 100vw, 2560px\" \/>\t\t\t\t\t\t\t\t\t\t\t\t\t\t\t<\/div>\n\t\t\t\t<\/div>\n\t\t\t\t\t<\/div>\n\t\t<\/div>\n\t\t\t\t<div class=\"elementor-column elementor-col-50 elementor-inner-column elementor-element elementor-element-5fe0822\" data-id=\"5fe0822\" data-element_type=\"column\" data-e-type=\"column\" data-settings=\"{&quot;background_background&quot;:&quot;classic&quot;}\">\n\t\t\t<div class=\"elementor-widget-wrap elementor-element-populated\">\n\t\t\t\t\t\t<div class=\"elementor-element elementor-element-d3455de elementor-widget elementor-widget-icon-box\" data-id=\"d3455de\" data-element_type=\"widget\" data-e-type=\"widget\" data-widget_type=\"icon-box.default\">\n\t\t\t\t<div class=\"elementor-widget-container\">\n\t\t\t\t\t\t\t<div class=\"elementor-icon-box-wrapper\">\n\n\t\t\t\n\t\t\t\t\t\t<div class=\"elementor-icon-box-content\">\n\n\t\t\t\t\t\t\t\t\t<h3 class=\"elementor-icon-box-title\">\n\t\t\t\t\t\t<span  >\n\t\t\t\t\t\t\tEspai Vall\u00e8s Oriental\t\t\t\t\t\t<\/span>\n\t\t\t\t\t<\/h3>\n\t\t\t\t\n\t\t\t\t\n\t\t\t<\/div>\n\t\t\t\n\t\t<\/div>\n\t\t\t\t\t\t<\/div>\n\t\t\t\t<\/div>\n\t\t\t\t<div class=\"elementor-element elementor-element-60a55fd elementor-widget elementor-widget-heading\" data-id=\"60a55fd\" data-element_type=\"widget\" data-e-type=\"widget\" data-widget_type=\"heading.default\">\n\t\t\t\t<div class=\"elementor-widget-container\">\n\t\t\t\t\t<h2 class=\"elementor-heading-title elementor-size-default\">Planta baixa<\/h2>\t\t\t\t<\/div>\n\t\t\t\t<\/div>\n\t\t\t\t<div class=\"elementor-element elementor-element-51a9d5b elementor-widget elementor-widget-text-editor\" data-id=\"51a9d5b\" data-element_type=\"widget\" data-e-type=\"widget\" data-widget_type=\"text-editor.default\">\n\t\t\t\t<div class=\"elementor-widget-container\">\n\t\t\t\t\t\t\t\t\t<p>Sala ubicada a la planta baixa amb sortida directe al jard\u00ed. Sala espaiosa amb molta llum on gaudir d&#8217;una jornada relaxada, trobades informals i c\u00f2ctels de benvinguda.<\/p>\t\t\t\t\t\t\t\t<\/div>\n\t\t\t\t<\/div>\n\t\t\t\t<div class=\"elementor-element elementor-element-d40c8ea elementor-align-left elementor-mobile-align-center elementor-tablet-align-center elementor-widget elementor-widget-button\" data-id=\"d40c8ea\" data-element_type=\"widget\" data-e-type=\"widget\" data-widget_type=\"button.default\">\n\t\t\t\t<div class=\"elementor-widget-container\">\n\t\t\t\t\t\t\t\t\t<div class=\"elementor-button-wrapper\">\n\t\t\t\t\t<a class=\"elementor-button elementor-button-link elementor-size-sm\" href=\"http:\/\/casafabregas.cat\/espai-valles-oriental\/\">\n\t\t\t\t\t\t<span class=\"elementor-button-content-wrapper\">\n\t\t\t\t\t\t\t\t\t<span class=\"elementor-button-text\">Veure m\u00e9s<\/span>\n\t\t\t\t\t<\/span>\n\t\t\t\t\t<\/a>\n\t\t\t\t<\/div>\n\t\t\t\t\t\t\t\t<\/div>\n\t\t\t\t<\/div>\n\t\t\t\t\t<\/div>\n\t\t<\/div>\n\t\t\t\t\t<\/div>\n\t\t<\/section>\n\t\t\t\t<div class=\"elementor-element elementor-element-fa4c9e0 elementor-widget elementor-widget-spacer\" data-id=\"fa4c9e0\" data-element_type=\"widget\" data-e-type=\"widget\" data-widget_type=\"spacer.default\">\n\t\t\t\t<div class=\"elementor-widget-container\">\n\t\t\t\t\t\t\t<div class=\"elementor-spacer\">\n\t\t\t<div class=\"elementor-spacer-inner\"><\/div>\n\t\t<\/div>\n\t\t\t\t\t\t<\/div>\n\t\t\t\t<\/div>\n\t\t\t\t<section class=\"elementor-section elementor-inner-section elementor-element elementor-element-45b369a elementor-section-full_width elementor-reverse-tablet elementor-reverse-mobile elementor-section-height-default elementor-section-height-default\" data-id=\"45b369a\" data-element_type=\"section\" data-e-type=\"section\">\n\t\t\t\t\t\t<div class=\"elementor-container elementor-column-gap-no\">\n\t\t\t\t\t<div class=\"elementor-column elementor-col-50 elementor-inner-column elementor-element elementor-element-debb617\" data-id=\"debb617\" data-element_type=\"column\" data-e-type=\"column\" data-settings=\"{&quot;background_background&quot;:&quot;classic&quot;}\">\n\t\t\t<div class=\"elementor-widget-wrap elementor-element-populated\">\n\t\t\t\t\t\t<div class=\"elementor-element elementor-element-d850528 elementor-widget elementor-widget-icon-box\" data-id=\"d850528\" data-element_type=\"widget\" data-e-type=\"widget\" data-widget_type=\"icon-box.default\">\n\t\t\t\t<div class=\"elementor-widget-container\">\n\t\t\t\t\t\t\t<div class=\"elementor-icon-box-wrapper\">\n\n\t\t\t\n\t\t\t\t\t\t<div class=\"elementor-icon-box-content\">\n\n\t\t\t\t\t\t\t\t\t<h3 class=\"elementor-icon-box-title\">\n\t\t\t\t\t\t<span  >\n\t\t\t\t\t\t\tEspai La Selva\t\t\t\t\t\t<\/span>\n\t\t\t\t\t<\/h3>\n\t\t\t\t\n\t\t\t\t\n\t\t\t<\/div>\n\t\t\t\n\t\t<\/div>\n\t\t\t\t\t\t<\/div>\n\t\t\t\t<\/div>\n\t\t\t\t<div class=\"elementor-element elementor-element-dd7cb3a elementor-widget elementor-widget-heading\" data-id=\"dd7cb3a\" data-element_type=\"widget\" data-e-type=\"widget\" data-widget_type=\"heading.default\">\n\t\t\t\t<div class=\"elementor-widget-container\">\n\t\t\t\t\t<h2 class=\"elementor-heading-title elementor-size-default\">Planta baixa<\/h2>\t\t\t\t<\/div>\n\t\t\t\t<\/div>\n\t\t\t\t<div class=\"elementor-element elementor-element-1c34983 elementor-widget elementor-widget-text-editor\" data-id=\"1c34983\" data-element_type=\"widget\" data-e-type=\"widget\" data-widget_type=\"text-editor.default\">\n\t\t\t\t<div class=\"elementor-widget-container\">\n\t\t\t\t\t\t\t\t\t<p>Sala ubicada a l\u2019interior de la casa, a la planta baixa, amb aforament redu\u00eft i a la qual es podria realitzar reunions d\u2019empresa, cursos, presentacions, workshops i tallers.<\/p>\t\t\t\t\t\t\t\t<\/div>\n\t\t\t\t<\/div>\n\t\t\t\t<div class=\"elementor-element elementor-element-78d8657 elementor-align-left elementor-mobile-align-center elementor-tablet-align-center elementor-widget elementor-widget-button\" data-id=\"78d8657\" data-element_type=\"widget\" data-e-type=\"widget\" data-widget_type=\"button.default\">\n\t\t\t\t<div class=\"elementor-widget-container\">\n\t\t\t\t\t\t\t\t\t<div class=\"elementor-button-wrapper\">\n\t\t\t\t\t<a class=\"elementor-button elementor-button-link elementor-size-sm\" href=\"http:\/\/casafabregas.cat\/espai-la-selva\/\">\n\t\t\t\t\t\t<span class=\"elementor-button-content-wrapper\">\n\t\t\t\t\t\t\t\t\t<span class=\"elementor-button-text\">Veure m\u00e9s<\/span>\n\t\t\t\t\t<\/span>\n\t\t\t\t\t<\/a>\n\t\t\t\t<\/div>\n\t\t\t\t\t\t\t\t<\/div>\n\t\t\t\t<\/div>\n\t\t\t\t\t<\/div>\n\t\t<\/div>\n\t\t\t\t<div class=\"elementor-column elementor-col-50 elementor-inner-column elementor-element elementor-element-8b7c2fd\" data-id=\"8b7c2fd\" data-element_type=\"column\" data-e-type=\"column\" data-settings=\"{&quot;background_background&quot;:&quot;classic&quot;}\">\n\t\t\t<div class=\"elementor-widget-wrap elementor-element-populated\">\n\t\t\t\t\t\t<div class=\"elementor-element elementor-element-f48a8e0 elementor-hidden-desktop elementor-widget__width-initial elementor-widget elementor-widget-image\" data-id=\"f48a8e0\" data-element_type=\"widget\" data-e-type=\"widget\" data-widget_type=\"image.default\">\n\t\t\t\t<div class=\"elementor-widget-container\">\n\t\t\t\t\t\t\t\t\t\t\t\t\t\t\t<img decoding=\"async\" width=\"2560\" height=\"1833\" src=\"https:\/\/casafabregas.cat\/wp-content\/uploads\/2023\/05\/F0610_20230210_070-Edit-scaled.jpg\" class=\"attachment-full size-full wp-image-1629\" alt=\"\" srcset=\"https:\/\/casafabregas.cat\/wp-content\/uploads\/2023\/05\/F0610_20230210_070-Edit-scaled.jpg 2560w, https:\/\/casafabregas.cat\/wp-content\/uploads\/2023\/05\/F0610_20230210_070-Edit-300x215.jpg 300w, https:\/\/casafabregas.cat\/wp-content\/uploads\/2023\/05\/F0610_20230210_070-Edit-1024x733.jpg 1024w, https:\/\/casafabregas.cat\/wp-content\/uploads\/2023\/05\/F0610_20230210_070-Edit-768x550.jpg 768w, https:\/\/casafabregas.cat\/wp-content\/uploads\/2023\/05\/F0610_20230210_070-Edit-1536x1100.jpg 1536w, https:\/\/casafabregas.cat\/wp-content\/uploads\/2023\/05\/F0610_20230210_070-Edit-2048x1466.jpg 2048w, https:\/\/casafabregas.cat\/wp-content\/uploads\/2023\/05\/F0610_20230210_070-Edit-18x12.jpg 18w\" sizes=\"(max-width: 2560px) 100vw, 2560px\" \/>\t\t\t\t\t\t\t\t\t\t\t\t\t\t\t<\/div>\n\t\t\t\t<\/div>\n\t\t\t\t\t<\/div>\n\t\t<\/div>\n\t\t\t\t\t<\/div>\n\t\t<\/section>\n\t\t\t\t<div class=\"elementor-element elementor-element-fd00b6b elementor-widget elementor-widget-spacer\" data-id=\"fd00b6b\" data-element_type=\"widget\" data-e-type=\"widget\" data-widget_type=\"spacer.default\">\n\t\t\t\t<div class=\"elementor-widget-container\">\n\t\t\t\t\t\t\t<div class=\"elementor-spacer\">\n\t\t\t<div class=\"elementor-spacer-inner\"><\/div>\n\t\t<\/div>\n\t\t\t\t\t\t<\/div>\n\t\t\t\t<\/div>\n\t\t\t\t<section class=\"elementor-section elementor-inner-section elementor-element elementor-element-a70317b elementor-section-full_width elementor-section-height-default elementor-section-height-default\" data-id=\"a70317b\" data-element_type=\"section\" data-e-type=\"section\">\n\t\t\t\t\t\t<div class=\"elementor-container elementor-column-gap-no\">\n\t\t\t\t\t<div class=\"elementor-column elementor-col-50 elementor-inner-column elementor-element elementor-element-2b0c32f\" data-id=\"2b0c32f\" data-element_type=\"column\" data-e-type=\"column\" data-settings=\"{&quot;background_background&quot;:&quot;classic&quot;}\">\n\t\t\t<div class=\"elementor-widget-wrap elementor-element-populated\">\n\t\t\t\t\t\t<div class=\"elementor-element elementor-element-352efd7 elementor-hidden-desktop elementor-widget__width-initial elementor-widget elementor-widget-image\" data-id=\"352efd7\" data-element_type=\"widget\" data-e-type=\"widget\" data-widget_type=\"image.default\">\n\t\t\t\t<div class=\"elementor-widget-container\">\n\t\t\t\t\t\t\t\t\t\t\t\t\t\t\t<img loading=\"lazy\" decoding=\"async\" width=\"768\" height=\"1024\" src=\"https:\/\/casafabregas.cat\/wp-content\/uploads\/2023\/03\/WhatsApp-Image-2023-03-03-at-00.04.35-1-1.jpeg\" class=\"attachment-full size-full wp-image-1076\" alt=\"\" srcset=\"https:\/\/casafabregas.cat\/wp-content\/uploads\/2023\/03\/WhatsApp-Image-2023-03-03-at-00.04.35-1-1.jpeg 768w, https:\/\/casafabregas.cat\/wp-content\/uploads\/2023\/03\/WhatsApp-Image-2023-03-03-at-00.04.35-1-1-225x300.jpeg 225w\" sizes=\"(max-width: 768px) 100vw, 768px\" \/>\t\t\t\t\t\t\t\t\t\t\t\t\t\t\t<\/div>\n\t\t\t\t<\/div>\n\t\t\t\t\t<\/div>\n\t\t<\/div>\n\t\t\t\t<div class=\"elementor-column elementor-col-50 elementor-inner-column elementor-element elementor-element-24f4247\" data-id=\"24f4247\" data-element_type=\"column\" data-e-type=\"column\" data-settings=\"{&quot;background_background&quot;:&quot;classic&quot;}\">\n\t\t\t<div class=\"elementor-widget-wrap elementor-element-populated\">\n\t\t\t\t\t\t<div class=\"elementor-element elementor-element-bab3d75 elementor-widget elementor-widget-icon-box\" data-id=\"bab3d75\" data-element_type=\"widget\" data-e-type=\"widget\" data-widget_type=\"icon-box.default\">\n\t\t\t\t<div class=\"elementor-widget-container\">\n\t\t\t\t\t\t\t<div class=\"elementor-icon-box-wrapper\">\n\n\t\t\t\n\t\t\t\t\t\t<div class=\"elementor-icon-box-content\">\n\n\t\t\t\t\t\t\t\t\t<h3 class=\"elementor-icon-box-title\">\n\t\t\t\t\t\t<span  >\n\t\t\t\t\t\t\tEspai Jard\u00ed Sequoia\t\t\t\t\t\t<\/span>\n\t\t\t\t\t<\/h3>\n\t\t\t\t\n\t\t\t\t\n\t\t\t<\/div>\n\t\t\t\n\t\t<\/div>\n\t\t\t\t\t\t<\/div>\n\t\t\t\t<\/div>\n\t\t\t\t<div class=\"elementor-element elementor-element-125b6f1 elementor-widget elementor-widget-text-editor\" data-id=\"125b6f1\" data-element_type=\"widget\" data-e-type=\"widget\" data-widget_type=\"text-editor.default\">\n\t\t\t\t<div class=\"elementor-widget-container\">\n\t\t\t\t\t\t\t\t\t<p>El Jard\u00ed \u00e9s un espai ampli, compatible per a la realitzaci\u00f3 d\u2019activitats de coaching, teambuilding i altres din\u00e0miques d\u2019empresa. Amb la petita capella, es torna l\u2019espai idoni per a la realitzaci\u00f3 de celebracions, casaments, bateigs i c\u00e0terings.<\/p>\t\t\t\t\t\t\t\t<\/div>\n\t\t\t\t<\/div>\n\t\t\t\t<div class=\"elementor-element elementor-element-46addbd elementor-align-left elementor-mobile-align-center elementor-tablet-align-center elementor-widget elementor-widget-button\" data-id=\"46addbd\" data-element_type=\"widget\" data-e-type=\"widget\" data-widget_type=\"button.default\">\n\t\t\t\t<div class=\"elementor-widget-container\">\n\t\t\t\t\t\t\t\t\t<div class=\"elementor-button-wrapper\">\n\t\t\t\t\t<a class=\"elementor-button elementor-button-link elementor-size-sm\" href=\"http:\/\/casafabregas.cat\/espai-jardi-sequoia\/\">\n\t\t\t\t\t\t<span class=\"elementor-button-content-wrapper\">\n\t\t\t\t\t\t\t\t\t<span class=\"elementor-button-text\">Veure m\u00e9s<\/span>\n\t\t\t\t\t<\/span>\n\t\t\t\t\t<\/a>\n\t\t\t\t<\/div>\n\t\t\t\t\t\t\t\t<\/div>\n\t\t\t\t<\/div>\n\t\t\t\t\t<\/div>\n\t\t<\/div>\n\t\t\t\t\t<\/div>\n\t\t<\/section>\n\t\t\t\t\t<\/div>\n\t\t<\/div>\n\t\t\t\t\t<\/div>\n\t\t<\/section>\n\t\t\t\t<section class=\"elementor-section elementor-top-section elementor-element elementor-element-797bc0b elementor-section-boxed elementor-section-height-default elementor-section-height-default\" data-id=\"797bc0b\" data-element_type=\"section\" data-e-type=\"section\">\n\t\t\t\t\t\t<div class=\"elementor-container elementor-column-gap-default\">\n\t\t\t\t\t<div class=\"elementor-column elementor-col-100 elementor-top-column elementor-element elementor-element-06448e8\" data-id=\"06448e8\" data-element_type=\"column\" data-e-type=\"column\">\n\t\t\t<div class=\"elementor-widget-wrap elementor-element-populated\">\n\t\t\t\t\t\t<div class=\"elementor-element elementor-element-2b76f96 elementor-widget elementor-widget-spacer\" data-id=\"2b76f96\" data-element_type=\"widget\" data-e-type=\"widget\" data-widget_type=\"spacer.default\">\n\t\t\t\t<div class=\"elementor-widget-container\">\n\t\t\t\t\t\t\t<div class=\"elementor-spacer\">\n\t\t\t<div class=\"elementor-spacer-inner\"><\/div>\n\t\t<\/div>\n\t\t\t\t\t\t<\/div>\n\t\t\t\t<\/div>\n\t\t\t\t\t<\/div>\n\t\t<\/div>\n\t\t\t\t\t<\/div>\n\t\t<\/section>\n\t\t\t\t<\/div>\n\t\t","protected":false},"excerpt":{"rendered":"<p>VINE A GAUDIR A CASA F\u00c0BREGAS Esdeveniments Inici&nbsp;\/ Esdeveniments 4 ESPAIS Esdeveniments Disposem de 4 espais per a esdeveniments per a empreses, celebracions o retirs. Espai Osona Primera planta Sala situada a l&#8217;interior de la casa en la primera planta, id\u00f2nia per la realitzaci\u00f3 de diferents tipus d&#8217;activitats, com reunions d&#8217;empresa, cursos, presentacions, workshops i [&hellip;]<\/p>\n","protected":false},"author":5,"featured_media":0,"parent":0,"menu_order":0,"comment_status":"closed","ping_status":"closed","template":"elementor_header_footer","meta":{"footnotes":""},"class_list":["post-69","page","type-page","status-publish","hentry"],"yoast_head":"<!-- This site is optimized with the Yoast SEO plugin v27.5 - https:\/\/yoast.com\/product\/yoast-seo-wordpress\/ -->\n<title>Esdeveniments - casafabregas<\/title>\n<meta name=\"robots\" content=\"index, follow, max-snippet:-1, max-image-preview:large, max-video-preview:-1\" \/>\n<link rel=\"canonical\" href=\"https:\/\/casafabregas.cat\/en\/events\/\" \/>\n<meta property=\"og:locale\" content=\"en_GB\" \/>\n<meta property=\"og:type\" content=\"article\" \/>\n<meta property=\"og:title\" content=\"Esdeveniments - casafabregas\" \/>\n<meta property=\"og:description\" content=\"VINE A GAUDIR A CASA F\u00c0BREGAS Esdeveniments Inici&nbsp;\/ Esdeveniments 4 ESPAIS Esdeveniments Disposem de 4 espais per a esdeveniments per a empreses, celebracions o retirs. Espai Osona Primera planta Sala situada a l&#8217;interior de la casa en la primera planta, id\u00f2nia per la realitzaci\u00f3 de diferents tipus d&#8217;activitats, com reunions d&#8217;empresa, cursos, presentacions, workshops i [&hellip;]\" \/>\n<meta property=\"og:url\" content=\"https:\/\/casafabregas.cat\/en\/events\/\" \/>\n<meta property=\"og:site_name\" content=\"casafabregas\" \/>\n<meta property=\"article:modified_time\" content=\"2023-05-31T12:01:00+00:00\" \/>\n<meta property=\"og:image\" content=\"http:\/\/casafabregas.cat\/wp-content\/uploads\/2023\/03\/F0610_20230210_047-scaled.jpg\" \/>\n<meta name=\"twitter:card\" content=\"summary_large_image\" \/>\n<meta name=\"twitter:label1\" content=\"Estimated reading time\" \/>\n\t<meta name=\"twitter:data1\" content=\"2 minutes\" \/>\n<script type=\"application\/ld+json\" class=\"yoast-schema-graph\">{\"@context\":\"https:\\\/\\\/schema.org\",\"@graph\":[{\"@type\":\"WebPage\",\"@id\":\"https:\\\/\\\/casafabregas.cat\\\/es\\\/eventos\\\/\",\"url\":\"https:\\\/\\\/casafabregas.cat\\\/es\\\/eventos\\\/\",\"name\":\"Esdeveniments - casafabregas\",\"isPartOf\":{\"@id\":\"https:\\\/\\\/casafabregas.cat\\\/es\\\/#website\"},\"primaryImageOfPage\":{\"@id\":\"https:\\\/\\\/casafabregas.cat\\\/es\\\/eventos\\\/#primaryimage\"},\"image\":{\"@id\":\"https:\\\/\\\/casafabregas.cat\\\/es\\\/eventos\\\/#primaryimage\"},\"thumbnailUrl\":\"http:\\\/\\\/casafabregas.cat\\\/wp-content\\\/uploads\\\/2023\\\/03\\\/F0610_20230210_047-scaled.jpg\",\"datePublished\":\"2023-01-25T12:32:29+00:00\",\"dateModified\":\"2023-05-31T12:01:00+00:00\",\"breadcrumb\":{\"@id\":\"https:\\\/\\\/casafabregas.cat\\\/es\\\/eventos\\\/#breadcrumb\"},\"inLanguage\":\"en-GB\",\"potentialAction\":[{\"@type\":\"ReadAction\",\"target\":[\"https:\\\/\\\/casafabregas.cat\\\/es\\\/eventos\\\/\"]}]},{\"@type\":\"ImageObject\",\"inLanguage\":\"en-GB\",\"@id\":\"https:\\\/\\\/casafabregas.cat\\\/es\\\/eventos\\\/#primaryimage\",\"url\":\"http:\\\/\\\/casafabregas.cat\\\/wp-content\\\/uploads\\\/2023\\\/03\\\/F0610_20230210_047-scaled.jpg\",\"contentUrl\":\"http:\\\/\\\/casafabregas.cat\\\/wp-content\\\/uploads\\\/2023\\\/03\\\/F0610_20230210_047-scaled.jpg\"},{\"@type\":\"BreadcrumbList\",\"@id\":\"https:\\\/\\\/casafabregas.cat\\\/es\\\/eventos\\\/#breadcrumb\",\"itemListElement\":[{\"@type\":\"ListItem\",\"position\":1,\"name\":\"Portada\",\"item\":\"https:\\\/\\\/casafabregas.cat\\\/\"},{\"@type\":\"ListItem\",\"position\":2,\"name\":\"Esdeveniments\"}]},{\"@type\":\"WebSite\",\"@id\":\"https:\\\/\\\/casafabregas.cat\\\/es\\\/#website\",\"url\":\"https:\\\/\\\/casafabregas.cat\\\/es\\\/\",\"name\":\"casafabregas\",\"description\":\"\",\"publisher\":{\"@id\":\"https:\\\/\\\/casafabregas.cat\\\/es\\\/#organization\"},\"potentialAction\":[{\"@type\":\"SearchAction\",\"target\":{\"@type\":\"EntryPoint\",\"urlTemplate\":\"https:\\\/\\\/casafabregas.cat\\\/es\\\/?s={search_term_string}\"},\"query-input\":{\"@type\":\"PropertyValueSpecification\",\"valueRequired\":true,\"valueName\":\"search_term_string\"}}],\"inLanguage\":\"en-GB\"},{\"@type\":\"Organization\",\"@id\":\"https:\\\/\\\/casafabregas.cat\\\/es\\\/#organization\",\"name\":\"casafabregas\",\"url\":\"https:\\\/\\\/casafabregas.cat\\\/es\\\/\",\"logo\":{\"@type\":\"ImageObject\",\"inLanguage\":\"en-GB\",\"@id\":\"https:\\\/\\\/casafabregas.cat\\\/es\\\/#\\\/schema\\\/logo\\\/image\\\/\",\"url\":\"https:\\\/\\\/casafabregas.cat\\\/wp-content\\\/uploads\\\/2023\\\/01\\\/Marca-Casa-Fabregas-blanc.png\",\"contentUrl\":\"https:\\\/\\\/casafabregas.cat\\\/wp-content\\\/uploads\\\/2023\\\/01\\\/Marca-Casa-Fabregas-blanc.png\",\"width\":2402,\"height\":1134,\"caption\":\"casafabregas\"},\"image\":{\"@id\":\"https:\\\/\\\/casafabregas.cat\\\/es\\\/#\\\/schema\\\/logo\\\/image\\\/\"}}]}<\/script>\n<!-- \/ Yoast SEO plugin. -->","yoast_head_json":{"title":"Events - casafabregas","robots":{"index":"index","follow":"follow","max-snippet":"max-snippet:-1","max-image-preview":"max-image-preview:large","max-video-preview":"max-video-preview:-1"},"canonical":"https:\/\/casafabregas.cat\/en\/events\/","og_locale":"en_GB","og_type":"article","og_title":"Esdeveniments - casafabregas","og_description":"VINE A GAUDIR A CASA F\u00c0BREGAS Esdeveniments Inici&nbsp;\/ Esdeveniments 4 ESPAIS Esdeveniments Disposem de 4 espais per a esdeveniments per a empreses, celebracions o retirs. Espai Osona Primera planta Sala situada a l&#8217;interior de la casa en la primera planta, id\u00f2nia per la realitzaci\u00f3 de diferents tipus d&#8217;activitats, com reunions d&#8217;empresa, cursos, presentacions, workshops i [&hellip;]","og_url":"https:\/\/casafabregas.cat\/en\/events\/","og_site_name":"casafabregas","article_modified_time":"2023-05-31T12:01:00+00:00","og_image":[{"url":"http:\/\/casafabregas.cat\/wp-content\/uploads\/2023\/03\/F0610_20230210_047-scaled.jpg","type":"","width":"","height":""}],"twitter_card":"summary_large_image","twitter_misc":{"Estimated reading time":"2 minutes"},"schema":{"@context":"https:\/\/schema.org","@graph":[{"@type":"WebPage","@id":"https:\/\/casafabregas.cat\/es\/eventos\/","url":"https:\/\/casafabregas.cat\/es\/eventos\/","name":"Events - casafabregas","isPartOf":{"@id":"https:\/\/casafabregas.cat\/es\/#website"},"primaryImageOfPage":{"@id":"https:\/\/casafabregas.cat\/es\/eventos\/#primaryimage"},"image":{"@id":"https:\/\/casafabregas.cat\/es\/eventos\/#primaryimage"},"thumbnailUrl":"http:\/\/casafabregas.cat\/wp-content\/uploads\/2023\/03\/F0610_20230210_047-scaled.jpg","datePublished":"2023-01-25T12:32:29+00:00","dateModified":"2023-05-31T12:01:00+00:00","breadcrumb":{"@id":"https:\/\/casafabregas.cat\/es\/eventos\/#breadcrumb"},"inLanguage":"en-GB","potentialAction":[{"@type":"ReadAction","target":["https:\/\/casafabregas.cat\/es\/eventos\/"]}]},{"@type":"ImageObject","inLanguage":"en-GB","@id":"https:\/\/casafabregas.cat\/es\/eventos\/#primaryimage","url":"http:\/\/casafabregas.cat\/wp-content\/uploads\/2023\/03\/F0610_20230210_047-scaled.jpg","contentUrl":"http:\/\/casafabregas.cat\/wp-content\/uploads\/2023\/03\/F0610_20230210_047-scaled.jpg"},{"@type":"BreadcrumbList","@id":"https:\/\/casafabregas.cat\/es\/eventos\/#breadcrumb","itemListElement":[{"@type":"ListItem","position":1,"name":"Portada","item":"https:\/\/casafabregas.cat\/"},{"@type":"ListItem","position":2,"name":"Esdeveniments"}]},{"@type":"WebSite","@id":"https:\/\/casafabregas.cat\/es\/#website","url":"https:\/\/casafabregas.cat\/es\/","name":"casafabregas","description":"","publisher":{"@id":"https:\/\/casafabregas.cat\/es\/#organization"},"potentialAction":[{"@type":"SearchAction","target":{"@type":"EntryPoint","urlTemplate":"https:\/\/casafabregas.cat\/es\/?s={search_term_string}"},"query-input":{"@type":"PropertyValueSpecification","valueRequired":true,"valueName":"search_term_string"}}],"inLanguage":"en-GB"},{"@type":"Organization","@id":"https:\/\/casafabregas.cat\/es\/#organization","name":"casafabregas","url":"https:\/\/casafabregas.cat\/es\/","logo":{"@type":"ImageObject","inLanguage":"en-GB","@id":"https:\/\/casafabregas.cat\/es\/#\/schema\/logo\/image\/","url":"https:\/\/casafabregas.cat\/wp-content\/uploads\/2023\/01\/Marca-Casa-Fabregas-blanc.png","contentUrl":"https:\/\/casafabregas.cat\/wp-content\/uploads\/2023\/01\/Marca-Casa-Fabregas-blanc.png","width":2402,"height":1134,"caption":"casafabregas"},"image":{"@id":"https:\/\/casafabregas.cat\/es\/#\/schema\/logo\/image\/"}}]}},"_links":{"self":[{"href":"https:\/\/casafabregas.cat\/en\/wp-json\/wp\/v2\/pages\/69","targetHints":{"allow":["GET"]}}],"collection":[{"href":"https:\/\/casafabregas.cat\/en\/wp-json\/wp\/v2\/pages"}],"about":[{"href":"https:\/\/casafabregas.cat\/en\/wp-json\/wp\/v2\/types\/page"}],"author":[{"embeddable":true,"href":"https:\/\/casafabregas.cat\/en\/wp-json\/wp\/v2\/users\/5"}],"replies":[{"embeddable":true,"href":"https:\/\/casafabregas.cat\/en\/wp-json\/wp\/v2\/comments?post=69"}],"version-history":[{"count":86,"href":"https:\/\/casafabregas.cat\/en\/wp-json\/wp\/v2\/pages\/69\/revisions"}],"predecessor-version":[{"id":1637,"href":"https:\/\/casafabregas.cat\/en\/wp-json\/wp\/v2\/pages\/69\/revisions\/1637"}],"wp:attachment":[{"href":"https:\/\/casafabregas.cat\/en\/wp-json\/wp\/v2\/media?parent=69"}],"curies":[{"name":"wp","href":"https:\/\/api.w.org\/{rel}","templated":true}]}}